{"id":1331,"date":"2019-02-07T11:39:55","date_gmt":"2019-02-07T10:39:55","guid":{"rendered":"https:\/\/tereos.com\/?post_type=product_line&#038;p=1331"},"modified":"2025-11-13T07:45:20","modified_gmt":"2025-11-13T06:45:20","slug":"fibres-alimentaires","status":"publish","type":"product_line","link":"https:\/\/tereos.com\/fr\/activites-et-produits\/gammes-de-produits\/fibres-alimentaires\/","title":{"rendered":"Fibres alimentaires"},"author":9,"featured_media":3605,"template":"","class_list":["post-1331","product_line","type-product_line","status-publish","has-post-thumbnail","hentry"],"acf":{"cover_image":3605,"related_cover_image":3605,"headline":"Aujourd\u2019hui, on estime la consommation quotidienne moyenne de fibres entre 15 et 20 grammes par jour, alors que les nutritionnistes recommandent un apport de 25 \u00e0 30 grammes par jour. Pour soutenir une alimentation plus \u00e9quilibr\u00e9e et r\u00e9duire ses d\u00e9chets, Tereos valorise toutes ses mati\u00e8res premi\u00e8res en r\u00e9cup\u00e9rant les fibres alimentaires qui sont obtenues tout au long de la cha\u00eene de production. Utilis\u00e9es pour l\u2019alimentation animale comme humaine, les fibres font partie des \u201ccoproduits\u201d de Tereos.","headline_clone":{"headline":"Aujourd\u2019hui, on estime la consommation quotidienne moyenne de fibres entre 15 et 20 grammes par jour, alors que les nutritionnistes recommandent un apport de 25 \u00e0 30 grammes par jour. Pour soutenir une alimentation plus \u00e9quilibr\u00e9e et r\u00e9duire ses d\u00e9chets, Tereos valorise toutes ses mati\u00e8res premi\u00e8res en r\u00e9cup\u00e9rant les fibres alimentaires qui sont obtenues tout au long de la cha\u00eene de production. Utilis\u00e9es pour l\u2019alimentation animale comme humaine, les fibres font partie des \u201ccoproduits\u201d de Tereos."},"sections":[{"acf_fc_layout":"title_text","title":"Les fibres","text":"<p>Les fibres sont des longues chai\u0302nes de glucides qui ne sont pas dige\u0301re\u0301es, ni absorbe\u0301es dans l\u2019intestin gre\u0302le humain. De nombreuses e\u0301tudes scientifiques ont confirme\u0301 leur importance dans le maintien de la sante\u0301 et la pre\u0301vention des maladies.<\/p>\n"},{"acf_fc_layout":"accordions_split","title":"Les coproduits","text":"<p>Les \u00ab coproduits \u00bb sont obtenus au cours du processus d&#8217;extraction du sucre et de l&#8217;amidon et, plus largement, de la cha\u00eene de production. Ils couvrent plusieurs types d\u2019utilisation : l\u2019alimentation animale, la fertilisation et les industries de fermentation.<\/p>\n","image":19512,"items":[{"title":"Actifiber\u00ae, une fibre pour l\u2019am\u00e9lioration nutritionnelle","image":false,"text":"<p class=\"x_MsoNormal\"><span lang=\"FR\">Les consommateurs recherchent des produits \u00e0 la fois sains et savoureux. Pour les marques, cela signifie reformuler sans compromis. <a href=\"https:\/\/tereos.com\/fr\/actifiber\/\">Actifiber\u00ae<\/a> est une fibre soluble permettant d\u2019augmenter la teneur en fibres et de r\u00e9duire les calories, tout en pr\u00e9servant le go\u00fbt et la texture que les consommateurs adorent. Fabriqu\u00e9 en France \u00e0 partir de ma\u00efs non-OGM et obtenu gr\u00e2ce \u00e0 un proc\u00e9d\u00e9 enzymatique unique, Actifiber\u00ae offre une stabilit\u00e9 exceptionnelle, m\u00eame \u00e0 haute temp\u00e9rature et en milieu acide, ainsi qu\u2019une solubilit\u00e9 et une neutralit\u00e9 sensorielle incomparables. Pour un meilleur Nutri-Scores ou simplement des options plus saines, Actifiber\u00ae s\u2019int\u00e8gre parfaitement dans une large gamme d\u2019applications : boissons, boulangerie, chocolat, confiserie, produits laitiers et alternatives v\u00e9g\u00e9tales. Plus de fibres, moins de calories, le m\u00eame plaisir gustatif : c\u2019est la promesse Actifiber\u00ae !<\/span><\/p>\n"},{"title":"Actilight\u00ae, une fibre qui vous veut du bien !","image":false,"text":"<p>Afin de b\u00e9n\u00e9ficier des bienfaits des fructo-oligosaccharides et de pouvoir enrichir notre alimentation au quotidien, Tereos a d\u00e9velopp\u00e9 <a href=\"https:\/\/www.actilight.com\/actilight-fibre\/\" target=\"_blank\" rel=\"noopener\">Actilight\u00ae<\/a>, un concentre\u0301 de fibres solubles \u00e9labor\u00e9 \u00e0 partir de la betterave, gr\u00e2ce \u00e0 un proc\u00e9d\u00e9 de bioconversion inspir\u00e9 de la nature. Une seule cuille\u0300re a\u0300 cafe\u0301<br \/>\nd\u2019Actilight\u00ae e\u0301quivaut a\u0300 la quantite\u0301 de fibres pre\u0301sentes dans 10 bananes, 700 g de seigle ou encore 40 gousses d\u2019ail. Les caract\u00e9ristiques d\u2019Actilight\u00ae Fibre ont \u00e9t\u00e9 document\u00e9es par des dizaines d\u2019\u00e9tudes cliniques publi\u00e9es dans des revues scientifiques et confirm\u00e9es par des groupes d\u2019experts ind\u00e9pendants.<\/p>\n"}]},{"acf_fc_layout":"key_figures","title":"En chiffres","link":"","text":"","items":[{"key_figure":{"prefix":"","figure":"100","suffix":""},"caption":"\u00e9tudes scientifiques ou cliniques de\u0301montrent des effets be\u0301ne\u0301fiques d\u2019Actilight\u00ae sur les fonctions intestinales, les de\u0301fenses immunitaires, la re\u0301gulation de la glyce\u0301mie, la re\u0301gulation du poids et l\u2019absorption mine\u0301rale."}]},{"acf_fc_layout":"featured_product_lines","title":"D\u00e9couvrez nos autres gammes de produits","text":"","items":[{"ID":653,"post_author":"4","post_date":"2018-07-30 16:31:21","post_date_gmt":"2018-07-30 14:31:21","post_content":"","post_title":"Alcool et \u00e9thanol","post_excerpt":"","post_status":"publish","comment_status":"closed","ping_status":"closed","post_password":"","post_name":"alcool","to_ping":"","pinged":"","post_modified":"2023-10-16 15:53:04","post_modified_gmt":"2023-10-16 13:53:04","post_content_filtered":"","post_parent":0,"guid":"https:\/\/tereos.com\/?post_type=product_line&#038;p=653","menu_order":0,"post_type":"product_line","post_mime_type":"","comment_count":"0","filter":"raw"},{"ID":13785,"post_author":"248","post_date":"2022-04-06 17:17:31","post_date_gmt":"2022-04-06 15:17:31","post_content":"","post_title":"Bio\u00e9thanol","post_excerpt":"","post_status":"publish","comment_status":"closed","ping_status":"closed","post_password":"","post_name":"bioethanol","to_ping":"","pinged":"","post_modified":"2023-10-17 15:33:40","post_modified_gmt":"2023-10-17 13:33:40","post_content_filtered":"","post_parent":0,"guid":"https:\/\/tereos.com\/?post_type=product_line&#038;p=13785","menu_order":0,"post_type":"product_line","post_mime_type":"","comment_count":"0","filter":"raw"},{"ID":596,"post_author":"1","post_date":"2018-07-18 12:19:29","post_date_gmt":"2018-07-18 10:19:29","post_content":"","post_title":"Sucre et produits sucrants","post_excerpt":"","post_status":"publish","comment_status":"closed","ping_status":"closed","post_password":"","post_name":"sucres","to_ping":"","pinged":"","post_modified":"2023-11-07 11:50:15","post_modified_gmt":"2023-11-07 10:50:15","post_content_filtered":"","post_parent":0,"guid":"https:\/\/tereos.com\/?post_type=product_line&#038;p=596","menu_order":0,"post_type":"product_line","post_mime_type":"","comment_count":"0","filter":"raw"},{"ID":9384,"post_author":"9","post_date":"2020-07-13 10:17:14","post_date_gmt":"2020-07-13 08:17:14","post_content":"","post_title":"Maltodextrine","post_excerpt":"","post_status":"publish","comment_status":"closed","ping_status":"closed","post_password":"","post_name":"maltodextrine","to_ping":"","pinged":"","post_modified":"2025-04-23 16:34:11","post_modified_gmt":"2025-04-23 14:34:11","post_content_filtered":"","post_parent":0,"guid":"https:\/\/tereos.com\/?post_type=product_line&#038;p=9384","menu_order":0,"post_type":"product_line","post_mime_type":"","comment_count":"0","filter":"raw"},{"ID":11362,"post_author":"9","post_date":"2020-12-22 10:16:57","post_date_gmt":"2020-12-22 09:16:57","post_content":"","post_title":"Notre gamme de produits bio","post_excerpt":"","post_status":"publish","comment_status":"closed","ping_status":"closed","post_password":"","post_name":"notre-gamme-de-produits-bio","to_ping":"","pinged":"","post_modified":"2023-10-18 11:22:30","post_modified_gmt":"2023-10-18 09:22:30","post_content_filtered":"","post_parent":0,"guid":"https:\/\/tereos.com\/?post_type=product_line&#038;p=11362","menu_order":0,"post_type":"product_line","post_mime_type":"","comment_count":"0","filter":"raw"},{"ID":1338,"post_author":"9","post_date":"2019-02-07 11:51:06","post_date_gmt":"2019-02-07 10:51:06","post_content":"","post_title":"Prot\u00e9ines v\u00e9g\u00e9tales","post_excerpt":"","post_status":"publish","comment_status":"closed","ping_status":"closed","post_password":"","post_name":"proteines","to_ping":"","pinged":"","post_modified":"2026-01-18 22:51:27","post_modified_gmt":"2026-01-18 21:51:27","post_content_filtered":"","post_parent":0,"guid":"https:\/\/tereos.com\/?post_type=product_line&#038;p=1338","menu_order":0,"post_type":"product_line","post_mime_type":"","comment_count":"0","filter":"raw"},{"ID":8,"post_author":"1","post_date":"2018-06-12 18:55:49","post_date_gmt":"2018-06-12 16:55:49","post_content":"","post_title":"L'amidon et ses d\u00e9riv\u00e9s","post_excerpt":"","post_status":"publish","comment_status":"closed","ping_status":"closed","post_password":"","post_name":"lamidon-et-ses-derives","to_ping":"","pinged":"","post_modified":"2023-10-18 11:47:32","post_modified_gmt":"2023-10-18 09:47:32","post_content_filtered":"","post_parent":0,"guid":"https:\/\/tereos.com\/fr\/?post_type=product_line&#038;p=8","menu_order":0,"post_type":"product_line","post_mime_type":"","comment_count":"0","filter":"raw"},{"ID":1334,"post_author":"9","post_date":"2019-02-07 11:47:16","post_date_gmt":"2019-02-07 10:47:16","post_content":"","post_title":"Fibres et germes pour l\u2019alimentation animale","post_excerpt":"","post_status":"publish","comment_status":"closed","ping_status":"closed","post_password":"","post_name":"fibres-et-germes-pour-lalimentation-animale","to_ping":"","pinged":"","post_modified":"2023-10-23 12:31:58","post_modified_gmt":"2023-10-23 10:31:58","post_content_filtered":"","post_parent":0,"guid":"https:\/\/tereos.com\/?post_type=product_line&#038;p=1334","menu_order":0,"post_type":"product_line","post_mime_type":"","comment_count":"0","filter":"raw"}]}],"flexible_ap_cpt_clone":{"sections":[{"acf_fc_layout":"title_text","title":"Les fibres","text":"<p>Les fibres sont des longues chai\u0302nes de glucides qui ne sont pas dige\u0301re\u0301es, ni absorbe\u0301es dans l\u2019intestin gre\u0302le humain. De nombreuses e\u0301tudes scientifiques ont confirme\u0301 leur importance dans le maintien de la sante\u0301 et la pre\u0301vention des maladies.<\/p>\n"},{"acf_fc_layout":"accordions_split","title":"Les coproduits","text":"<p>Les \u00ab coproduits \u00bb sont obtenus au cours du processus d&#8217;extraction du sucre et de l&#8217;amidon et, plus largement, de la cha\u00eene de production. Ils couvrent plusieurs types d\u2019utilisation : l\u2019alimentation animale, la fertilisation et les industries de fermentation.<\/p>\n","image":19512,"items":[{"title":"Actifiber\u00ae, une fibre pour l\u2019am\u00e9lioration nutritionnelle","image":false,"text":"<p class=\"x_MsoNormal\"><span lang=\"FR\">Les consommateurs recherchent des produits \u00e0 la fois sains et savoureux. Pour les marques, cela signifie reformuler sans compromis. <a href=\"https:\/\/tereos.com\/fr\/actifiber\/\">Actifiber\u00ae<\/a> est une fibre soluble permettant d\u2019augmenter la teneur en fibres et de r\u00e9duire les calories, tout en pr\u00e9servant le go\u00fbt et la texture que les consommateurs adorent. Fabriqu\u00e9 en France \u00e0 partir de ma\u00efs non-OGM et obtenu gr\u00e2ce \u00e0 un proc\u00e9d\u00e9 enzymatique unique, Actifiber\u00ae offre une stabilit\u00e9 exceptionnelle, m\u00eame \u00e0 haute temp\u00e9rature et en milieu acide, ainsi qu\u2019une solubilit\u00e9 et une neutralit\u00e9 sensorielle incomparables. Pour un meilleur Nutri-Scores ou simplement des options plus saines, Actifiber\u00ae s\u2019int\u00e8gre parfaitement dans une large gamme d\u2019applications : boissons, boulangerie, chocolat, confiserie, produits laitiers et alternatives v\u00e9g\u00e9tales. Plus de fibres, moins de calories, le m\u00eame plaisir gustatif : c\u2019est la promesse Actifiber\u00ae !<\/span><\/p>\n"},{"title":"Actilight\u00ae, une fibre qui vous veut du bien !","image":false,"text":"<p>Afin de b\u00e9n\u00e9ficier des bienfaits des fructo-oligosaccharides et de pouvoir enrichir notre alimentation au quotidien, Tereos a d\u00e9velopp\u00e9 <a href=\"https:\/\/www.actilight.com\/actilight-fibre\/\" target=\"_blank\" rel=\"noopener\">Actilight\u00ae<\/a>, un concentre\u0301 de fibres solubles \u00e9labor\u00e9 \u00e0 partir de la betterave, gr\u00e2ce \u00e0 un proc\u00e9d\u00e9 de bioconversion inspir\u00e9 de la nature. Une seule cuille\u0300re a\u0300 cafe\u0301<br \/>\nd\u2019Actilight\u00ae e\u0301quivaut a\u0300 la quantite\u0301 de fibres pre\u0301sentes dans 10 bananes, 700 g de seigle ou encore 40 gousses d\u2019ail. Les caract\u00e9ristiques d\u2019Actilight\u00ae Fibre ont \u00e9t\u00e9 document\u00e9es par des dizaines d\u2019\u00e9tudes cliniques publi\u00e9es dans des revues scientifiques et confirm\u00e9es par des groupes d\u2019experts ind\u00e9pendants.<\/p>\n"}]},{"acf_fc_layout":"key_figures","title":"En chiffres","link":"","text":"","items":[{"key_figure":{"prefix":"","figure":"100","suffix":""},"caption":"\u00e9tudes scientifiques ou cliniques de\u0301montrent des effets be\u0301ne\u0301fiques d\u2019Actilight\u00ae sur les fonctions intestinales, les de\u0301fenses immunitaires, la re\u0301gulation de la glyce\u0301mie, la re\u0301gulation du poids et l\u2019absorption mine\u0301rale."}]},{"acf_fc_layout":"featured_product_lines","title":"D\u00e9couvrez nos autres gammes de produits","text":"","items":[{"ID":653,"post_author":"4","post_date":"2018-07-30 16:31:21","post_date_gmt":"2018-07-30 14:31:21","post_content":"","post_title":"Alcool et \u00e9thanol","post_excerpt":"","post_status":"publish","comment_status":"closed","ping_status":"closed","post_password":"","post_name":"alcool","to_ping":"","pinged":"","post_modified":"2023-10-16 15:53:04","post_modified_gmt":"2023-10-16 13:53:04","post_content_filtered":"","post_parent":0,"guid":"https:\/\/tereos.com\/?post_type=product_line&#038;p=653","menu_order":0,"post_type":"product_line","post_mime_type":"","comment_count":"0","filter":"raw"},{"ID":13785,"post_author":"248","post_date":"2022-04-06 17:17:31","post_date_gmt":"2022-04-06 15:17:31","post_content":"","post_title":"Bio\u00e9thanol","post_excerpt":"","post_status":"publish","comment_status":"closed","ping_status":"closed","post_password":"","post_name":"bioethanol","to_ping":"","pinged":"","post_modified":"2023-10-17 15:33:40","post_modified_gmt":"2023-10-17 13:33:40","post_content_filtered":"","post_parent":0,"guid":"https:\/\/tereos.com\/?post_type=product_line&#038;p=13785","menu_order":0,"post_type":"product_line","post_mime_type":"","comment_count":"0","filter":"raw"},{"ID":596,"post_author":"1","post_date":"2018-07-18 12:19:29","post_date_gmt":"2018-07-18 10:19:29","post_content":"","post_title":"Sucre et produits sucrants","post_excerpt":"","post_status":"publish","comment_status":"closed","ping_status":"closed","post_password":"","post_name":"sucres","to_ping":"","pinged":"","post_modified":"2023-11-07 11:50:15","post_modified_gmt":"2023-11-07 10:50:15","post_content_filtered":"","post_parent":0,"guid":"https:\/\/tereos.com\/?post_type=product_line&#038;p=596","menu_order":0,"post_type":"product_line","post_mime_type":"","comment_count":"0","filter":"raw"},{"ID":9384,"post_author":"9","post_date":"2020-07-13 10:17:14","post_date_gmt":"2020-07-13 08:17:14","post_content":"","post_title":"Maltodextrine","post_excerpt":"","post_status":"publish","comment_status":"closed","ping_status":"closed","post_password":"","post_name":"maltodextrine","to_ping":"","pinged":"","post_modified":"2025-04-23 16:34:11","post_modified_gmt":"2025-04-23 14:34:11","post_content_filtered":"","post_parent":0,"guid":"https:\/\/tereos.com\/?post_type=product_line&#038;p=9384","menu_order":0,"post_type":"product_line","post_mime_type":"","comment_count":"0","filter":"raw"},{"ID":11362,"post_author":"9","post_date":"2020-12-22 10:16:57","post_date_gmt":"2020-12-22 09:16:57","post_content":"","post_title":"Notre gamme de produits bio","post_excerpt":"","post_status":"publish","comment_status":"closed","ping_status":"closed","post_password":"","post_name":"notre-gamme-de-produits-bio","to_ping":"","pinged":"","post_modified":"2023-10-18 11:22:30","post_modified_gmt":"2023-10-18 09:22:30","post_content_filtered":"","post_parent":0,"guid":"https:\/\/tereos.com\/?post_type=product_line&#038;p=11362","menu_order":0,"post_type":"product_line","post_mime_type":"","comment_count":"0","filter":"raw"},{"ID":1338,"post_author":"9","post_date":"2019-02-07 11:51:06","post_date_gmt":"2019-02-07 10:51:06","post_content":"","post_title":"Prot\u00e9ines v\u00e9g\u00e9tales","post_excerpt":"","post_status":"publish","comment_status":"closed","ping_status":"closed","post_password":"","post_name":"proteines","to_ping":"","pinged":"","post_modified":"2026-01-18 22:51:27","post_modified_gmt":"2026-01-18 21:51:27","post_content_filtered":"","post_parent":0,"guid":"https:\/\/tereos.com\/?post_type=product_line&#038;p=1338","menu_order":0,"post_type":"product_line","post_mime_type":"","comment_count":"0","filter":"raw"},{"ID":8,"post_author":"1","post_date":"2018-06-12 18:55:49","post_date_gmt":"2018-06-12 16:55:49","post_content":"","post_title":"L'amidon et ses d\u00e9riv\u00e9s","post_excerpt":"","post_status":"publish","comment_status":"closed","ping_status":"closed","post_password":"","post_name":"lamidon-et-ses-derives","to_ping":"","pinged":"","post_modified":"2023-10-18 11:47:32","post_modified_gmt":"2023-10-18 09:47:32","post_content_filtered":"","post_parent":0,"guid":"https:\/\/tereos.com\/fr\/?post_type=product_line&#038;p=8","menu_order":0,"post_type":"product_line","post_mime_type":"","comment_count":"0","filter":"raw"},{"ID":1334,"post_author":"9","post_date":"2019-02-07 11:47:16","post_date_gmt":"2019-02-07 10:47:16","post_content":"","post_title":"Fibres et germes pour l\u2019alimentation animale","post_excerpt":"","post_status":"publish","comment_status":"closed","ping_status":"closed","post_password":"","post_name":"fibres-et-germes-pour-lalimentation-animale","to_ping":"","pinged":"","post_modified":"2023-10-23 12:31:58","post_modified_gmt":"2023-10-23 10:31:58","post_content_filtered":"","post_parent":0,"guid":"https:\/\/tereos.com\/?post_type=product_line&#038;p=1334","menu_order":0,"post_type":"product_line","post_mime_type":"","comment_count":"0","filter":"raw"}]}]}},"yoast_head":"<!-- This site is optimized with the Yoast SEO plugin v23.7 - https:\/\/yoast.com\/wordpress\/plugins\/seo\/ -->\n<title>Fibres alimentaires - Tereos<\/title>\n<meta name=\"description\" content=\"Tereos valorise toutes ses mati\u00e8res premi\u00e8res en r\u00e9cup\u00e9rant les fibres alimentaires qui sont obtenues tout au long de la cha\u00eene de production. Utilis\u00e9s pour l\u2019alimentation animale comme humaine, les fibres font partie des \u201ccoproduits\u201d de Tereos\" \/>\n<meta name=\"robots\" content=\"index, follow, max-snippet:-1, max-image-preview:large, max-video-preview:-1\" \/>\n<link rel=\"canonical\" href=\"https:\/\/tereos.com\/fr\/activites-et-produits\/gammes-de-produits\/fibres-alimentaires\/\" \/>\n<meta property=\"og:locale\" content=\"fr_FR\" \/>\n<meta property=\"og:type\" content=\"article\" \/>\n<meta property=\"og:title\" content=\"Fibres alimentaires - Tereos\" \/>\n<meta property=\"og:description\" content=\"Tereos valorise toutes ses mati\u00e8res premi\u00e8res en r\u00e9cup\u00e9rant les fibres alimentaires qui sont obtenues tout au long de la cha\u00eene de production. Utilis\u00e9s pour l\u2019alimentation animale comme humaine, les fibres font partie des \u201ccoproduits\u201d de Tereos\" \/>\n<meta property=\"og:url\" content=\"https:\/\/tereos.com\/fr\/activites-et-produits\/gammes-de-produits\/fibres-alimentaires\/\" \/>\n<meta property=\"og:site_name\" content=\"Tereos\" \/>\n<meta property=\"article:modified_time\" content=\"2025-11-13T06:45:20+00:00\" \/>\n<meta property=\"og:image\" content=\"https:\/\/www.tereos.com\/app\/uploads\/2019\/02\/product-06.png\" \/>\n\t<meta property=\"og:image:width\" content=\"1024\" \/>\n\t<meta property=\"og:image:height\" content=\"574\" \/>\n\t<meta property=\"og:image:type\" content=\"image\/png\" \/>\n<meta name=\"twitter:card\" content=\"summary_large_image\" \/>\n<meta name=\"twitter:label1\" content=\"Est. reading time\" \/>\n\t<meta name=\"twitter:data1\" content=\"1 minute\" \/>\n<script type=\"application\/ld+json\" class=\"yoast-schema-graph\">{\"@context\":\"https:\/\/schema.org\",\"@graph\":[{\"@type\":\"WebPage\",\"@id\":\"https:\/\/tereos.com\/fr\/activites-et-produits\/gammes-de-produits\/fibres-alimentaires\/\",\"url\":\"https:\/\/tereos.com\/fr\/activites-et-produits\/gammes-de-produits\/fibres-alimentaires\/\",\"name\":\"Fibres alimentaires - Tereos\",\"isPartOf\":{\"@id\":\"https:\/\/tereos.com\/en\/#website\"},\"primaryImageOfPage\":{\"@id\":\"https:\/\/tereos.com\/fr\/activites-et-produits\/gammes-de-produits\/fibres-alimentaires\/#primaryimage\"},\"image\":{\"@id\":\"https:\/\/tereos.com\/fr\/activites-et-produits\/gammes-de-produits\/fibres-alimentaires\/#primaryimage\"},\"thumbnailUrl\":\"https:\/\/www.tereos.com\/app\/uploads\/2019\/02\/product-06.png\",\"datePublished\":\"2019-02-07T10:39:55+00:00\",\"dateModified\":\"2025-11-13T06:45:20+00:00\",\"description\":\"Tereos valorise toutes ses mati\u00e8res premi\u00e8res en r\u00e9cup\u00e9rant les fibres alimentaires qui sont obtenues tout au long de la cha\u00eene de production. Utilis\u00e9s pour l\u2019alimentation animale comme humaine, les fibres font partie des \u201ccoproduits\u201d de Tereos\",\"breadcrumb\":{\"@id\":\"https:\/\/tereos.com\/fr\/activites-et-produits\/gammes-de-produits\/fibres-alimentaires\/#breadcrumb\"},\"inLanguage\":\"fr-FR\",\"potentialAction\":[{\"@type\":\"ReadAction\",\"target\":[\"https:\/\/tereos.com\/fr\/activites-et-produits\/gammes-de-produits\/fibres-alimentaires\/\"]}]},{\"@type\":\"ImageObject\",\"inLanguage\":\"fr-FR\",\"@id\":\"https:\/\/tereos.com\/fr\/activites-et-produits\/gammes-de-produits\/fibres-alimentaires\/#primaryimage\",\"url\":\"https:\/\/www.tereos.com\/app\/uploads\/2019\/02\/product-06.png\",\"contentUrl\":\"https:\/\/www.tereos.com\/app\/uploads\/2019\/02\/product-06.png\",\"width\":2760,\"height\":1548,\"caption\":\"Les fibres alimentaires\"},{\"@type\":\"BreadcrumbList\",\"@id\":\"https:\/\/tereos.com\/fr\/activites-et-produits\/gammes-de-produits\/fibres-alimentaires\/#breadcrumb\",\"itemListElement\":[{\"@type\":\"ListItem\",\"position\":1,\"name\":\"Home\",\"item\":\"https:\/\/tereos.com\/fr\/\"},{\"@type\":\"ListItem\",\"position\":2,\"name\":\"Fibres alimentaires\"}]},{\"@type\":\"WebSite\",\"@id\":\"https:\/\/tereos.com\/en\/#website\",\"url\":\"https:\/\/tereos.com\/en\/\",\"name\":\"Tereos\",\"description\":\"Un site utilisant WordPress\",\"potentialAction\":[{\"@type\":\"SearchAction\",\"target\":{\"@type\":\"EntryPoint\",\"urlTemplate\":\"https:\/\/tereos.com\/en\/?s={search_term_string}\"},\"query-input\":{\"@type\":\"PropertyValueSpecification\",\"valueRequired\":true,\"valueName\":\"search_term_string\"}}],\"inLanguage\":\"fr-FR\"}]}<\/script>\n<!-- \/ Yoast SEO plugin. -->","yoast_head_json":{"title":"Fibres alimentaires - Tereos","description":"Tereos valorise toutes ses mati\u00e8res premi\u00e8res en r\u00e9cup\u00e9rant les fibres alimentaires qui sont obtenues tout au long de la cha\u00eene de production. Utilis\u00e9s pour l\u2019alimentation animale comme humaine, les fibres font partie des \u201ccoproduits\u201d de Tereos","robots":{"index":"index","follow":"follow","max-snippet":"max-snippet:-1","max-image-preview":"max-image-preview:large","max-video-preview":"max-video-preview:-1"},"canonical":"https:\/\/tereos.com\/fr\/activites-et-produits\/gammes-de-produits\/fibres-alimentaires\/","og_locale":"fr_FR","og_type":"article","og_title":"Fibres alimentaires - Tereos","og_description":"Tereos valorise toutes ses mati\u00e8res premi\u00e8res en r\u00e9cup\u00e9rant les fibres alimentaires qui sont obtenues tout au long de la cha\u00eene de production. Utilis\u00e9s pour l\u2019alimentation animale comme humaine, les fibres font partie des \u201ccoproduits\u201d de Tereos","og_url":"https:\/\/tereos.com\/fr\/activites-et-produits\/gammes-de-produits\/fibres-alimentaires\/","og_site_name":"Tereos","article_modified_time":"2025-11-13T06:45:20+00:00","og_image":[{"url":"https:\/\/www.tereos.com\/app\/uploads\/2019\/02\/product-06.png","width":1024,"height":574,"type":"image\/png"}],"twitter_card":"summary_large_image","twitter_misc":{"Est. reading time":"1 minute"},"schema":{"@context":"https:\/\/schema.org","@graph":[{"@type":"WebPage","@id":"https:\/\/tereos.com\/fr\/activites-et-produits\/gammes-de-produits\/fibres-alimentaires\/","url":"https:\/\/tereos.com\/fr\/activites-et-produits\/gammes-de-produits\/fibres-alimentaires\/","name":"Fibres alimentaires - Tereos","isPartOf":{"@id":"https:\/\/tereos.com\/en\/#website"},"primaryImageOfPage":{"@id":"https:\/\/tereos.com\/fr\/activites-et-produits\/gammes-de-produits\/fibres-alimentaires\/#primaryimage"},"image":{"@id":"https:\/\/tereos.com\/fr\/activites-et-produits\/gammes-de-produits\/fibres-alimentaires\/#primaryimage"},"thumbnailUrl":"https:\/\/www.tereos.com\/app\/uploads\/2019\/02\/product-06.png","datePublished":"2019-02-07T10:39:55+00:00","dateModified":"2025-11-13T06:45:20+00:00","description":"Tereos valorise toutes ses mati\u00e8res premi\u00e8res en r\u00e9cup\u00e9rant les fibres alimentaires qui sont obtenues tout au long de la cha\u00eene de production. Utilis\u00e9s pour l\u2019alimentation animale comme humaine, les fibres font partie des \u201ccoproduits\u201d de Tereos","breadcrumb":{"@id":"https:\/\/tereos.com\/fr\/activites-et-produits\/gammes-de-produits\/fibres-alimentaires\/#breadcrumb"},"inLanguage":"fr-FR","potentialAction":[{"@type":"ReadAction","target":["https:\/\/tereos.com\/fr\/activites-et-produits\/gammes-de-produits\/fibres-alimentaires\/"]}]},{"@type":"ImageObject","inLanguage":"fr-FR","@id":"https:\/\/tereos.com\/fr\/activites-et-produits\/gammes-de-produits\/fibres-alimentaires\/#primaryimage","url":"https:\/\/www.tereos.com\/app\/uploads\/2019\/02\/product-06.png","contentUrl":"https:\/\/www.tereos.com\/app\/uploads\/2019\/02\/product-06.png","width":2760,"height":1548,"caption":"Les fibres alimentaires"},{"@type":"BreadcrumbList","@id":"https:\/\/tereos.com\/fr\/activites-et-produits\/gammes-de-produits\/fibres-alimentaires\/#breadcrumb","itemListElement":[{"@type":"ListItem","position":1,"name":"Home","item":"https:\/\/tereos.com\/fr\/"},{"@type":"ListItem","position":2,"name":"Fibres alimentaires"}]},{"@type":"WebSite","@id":"https:\/\/tereos.com\/en\/#website","url":"https:\/\/tereos.com\/en\/","name":"Tereos","description":"Un site utilisant WordPress","potentialAction":[{"@type":"SearchAction","target":{"@type":"EntryPoint","urlTemplate":"https:\/\/tereos.com\/en\/?s={search_term_string}"},"query-input":{"@type":"PropertyValueSpecification","valueRequired":true,"valueName":"search_term_string"}}],"inLanguage":"fr-FR"}]}},"_links":{"self":[{"href":"https:\/\/tereos.com\/fr\/wp-json\/wp\/v2\/product-line\/1331"}],"collection":[{"href":"https:\/\/tereos.com\/fr\/wp-json\/wp\/v2\/product-line"}],"about":[{"href":"https:\/\/tereos.com\/fr\/wp-json\/wp\/v2\/types\/product_line"}],"author":[{"embeddable":true,"href":"https:\/\/tereos.com\/fr\/wp-json\/wp\/v2\/users\/9"}],"version-history":[{"count":3,"href":"https:\/\/tereos.com\/fr\/wp-json\/wp\/v2\/product-line\/1331\/revisions"}],"predecessor-version":[{"id":25471,"href":"https:\/\/tereos.com\/fr\/wp-json\/wp\/v2\/product-line\/1331\/revisions\/25471"}],"wp:featuredmedia":[{"embeddable":true,"href":"https:\/\/tereos.com\/fr\/wp-json\/wp\/v2\/media\/3605"}],"wp:attachment":[{"href":"https:\/\/tereos.com\/fr\/wp-json\/wp\/v2\/media?parent=1331"}],"curies":[{"name":"wp","href":"https:\/\/api.w.org\/{rel}","templated":true}]}}